{"id":277,"date":"2025-05-03T06:55:49","date_gmt":"2025-05-03T06:55:49","guid":{"rendered":"https:\/\/peteruls.webd.pro\/alisalfa\/?page_id=277"},"modified":"2025-07-14T18:37:54","modified_gmt":"2025-07-14T18:37:54","slug":"ii-brygada-legionow","status":"publish","type":"page","link":"https:\/\/alisalfa.wroclaw.pl\/?page_id=277","title":{"rendered":"Malarstwo historyczne"},"content":{"rendered":"\n<p class=\"wp-block-paragraph\"><\/p>\n\n\n\n<br><br>\n\n\n\n<h2 class=\"wp-block-heading has-text-align-center has-vivid-purple-color has-text-color has-link-color wp-elements-561b0a418020482ff0b0857e012e267b\" style=\"border-radius:0px\">II Brygada Legion\u00f3w<\/h2>\n\n\n\n<h2 class=\"wp-block-heading has-text-align-center has-vivid-purple-color has-text-color has-link-color wp-elements-a49963583be89ea05bd872e0865d4772\">Impresja na podstawie obraz\u00f3w Wojciecha Kossaka.<\/h2>\n\n\n<style type=\"text\/css\">\n#foogallery-gallery-282 .fg-image { width: 250px; }\n#foogallery-gallery-282 { --fg-gutter: 20px; }<\/style>\n\t\t\t<div class=\"foogallery foogallery-container foogallery-default foogallery-lightbox-foogallery fg-center fg-default fg-ready fg-light fg-border-thin fg-shadow-outline fg-loading-default fg-loaded-fade-in fg-caption-hover fg-hover-fade fg-hover-zoom\" id=\"foogallery-gallery-282\" data-foogallery=\"{&quot;item&quot;:{&quot;showCaptionTitle&quot;:true,&quot;showCaptionDescription&quot;:true},&quot;lazy&quot;:true,&quot;src&quot;:&quot;src&quot;,&quot;srcset&quot;:&quot;srcset&quot;}\" data-foogallery-lightbox=\"{&quot;thumbs&quot;:&quot;bottom&quot;,&quot;thumbsCaptions&quot;:false,&quot;thumbsBestFit&quot;:false,&quot;thumbsSmall&quot;:false,&quot;thumbsCaptionsAlign&quot;:&quot;default&quot;,&quot;info&quot;:&quot;bottom&quot;,&quot;infoVisible&quot;:true,&quot;infoOverlay&quot;:true,&quot;infoAlign&quot;:&quot;default&quot;,&quot;transition&quot;:&quot;fade&quot;,&quot;hoverButtons&quot;:false,&quot;fitMedia&quot;:false,&quot;noScrollbars&quot;:true,&quot;preserveButtonSpace&quot;:true,&quot;buttons&quot;:{&quot;fullscreen&quot;:true,&quot;info&quot;:true,&quot;thumbs&quot;:false},&quot;video&quot;:{&quot;autoPlay&quot;:true}}\" style=\"--fg-title-line-clamp: 0; --fg-description-line-clamp: 0;\">\n\t<div class=\"fg-item fg-type-image fg-loading\"><figure class=\"fg-item-inner\"><a href=\"https:\/\/alisalfa.wroclaw.pl\/wp-content\/uploads\/2025\/05\/ulan1.jpg\" data-caption-title=\"Legionista\" data-caption-desc=\"Legionista - II Brygada Legion\u00f3w\" data-attachment-id=\"71\" data-type=\"image\" class=\"fg-thumb\"><span class=\"fg-image-wrap\"><img src=\"https:\/\/alisalfa.wroclaw.pl\/wp-content\/uploads\/cache\/2025\/05\/ulan1\/1298628396.jpg\" title=\"Legionista\" width=\"250\" height=\"250\" class=\"skip-lazy fg-image\" decoding=\"async\" loading=\"lazy\"><\/span><span class=\"fg-image-overlay\"><\/span><\/a><figcaption class=\"fg-caption\"><div class=\"fg-caption-inner\"><div class=\"fg-caption-title\">Legionista<\/div><div class=\"fg-caption-desc\">Legionista &#8211; II Brygada Legion\u00f3w<\/div><\/div><\/figcaption><\/figure><div class=\"fg-loader\"><\/div><\/div><div class=\"fg-item fg-type-image fg-loading\"><figure class=\"fg-item-inner\"><a href=\"https:\/\/alisalfa.wroclaw.pl\/wp-content\/uploads\/2025\/05\/portret_l2.jpg\" data-caption-title=\"J. Pi\u0142sudski\" data-caption-desc=\"J. Pi\u0142sudski - II Brygada Legion\u00f3w\" data-attachment-id=\"69\" data-type=\"image\" class=\"fg-thumb\"><span class=\"fg-image-wrap\"><img src=\"https:\/\/alisalfa.wroclaw.pl\/wp-content\/uploads\/cache\/2025\/05\/portret_l2\/3858504875.jpg\" title=\"J. Pi\u0142sudski\" width=\"250\" height=\"250\" class=\"skip-lazy fg-image\" decoding=\"async\" loading=\"lazy\"><\/span><span class=\"fg-image-overlay\"><\/span><\/a><figcaption class=\"fg-caption\"><div class=\"fg-caption-inner\"><div class=\"fg-caption-title\">J. Pi\u0142sudski<\/div><div class=\"fg-caption-desc\">J. Pi\u0142sudski &#8211; II Brygada Legion\u00f3w<\/div><\/div><\/figcaption><\/figure><div class=\"fg-loader\"><\/div><\/div><div class=\"fg-item fg-type-image fg-loading\"><figure class=\"fg-item-inner\"><a href=\"https:\/\/alisalfa.wroclaw.pl\/wp-content\/uploads\/2025\/07\/j-pilsudski-wersja-1.jpg\" data-caption-title=\"J. Pi\u0142sudski\" data-caption-desc=\"J. Pi\u0142sudski - II Brygada Legion\u00f3w\" data-attachment-id=\"981\" data-type=\"image\" class=\"fg-thumb\"><span class=\"fg-image-wrap\"><img src=\"https:\/\/alisalfa.wroclaw.pl\/wp-content\/uploads\/cache\/2025\/07\/j-pilsudski-wersja-1\/448376205.jpg\" title=\"J. Pi\u0142sudski\" width=\"250\" height=\"250\" class=\"skip-lazy fg-image\" decoding=\"async\" loading=\"lazy\"><\/span><span class=\"fg-image-overlay\"><\/span><\/a><figcaption class=\"fg-caption\"><div class=\"fg-caption-inner\"><div class=\"fg-caption-title\">J. Pi\u0142sudski<\/div><div class=\"fg-caption-desc\">J. Pi\u0142sudski &#8211; II Brygada Legion\u00f3w<\/div><\/div><\/figcaption><\/figure><div class=\"fg-loader\"><\/div><\/div><div class=\"fg-item fg-type-image fg-loading\"><figure class=\"fg-item-inner\"><a href=\"https:\/\/alisalfa.wroclaw.pl\/wp-content\/uploads\/2025\/08\/j-haller.jpg\" data-caption-title=\"J. Haller\" data-caption-desc=\"J. Haller - II Brygada Legion\u00f3w\" data-attachment-id=\"1011\" data-type=\"image\" class=\"fg-thumb\"><span class=\"fg-image-wrap\"><img src=\"https:\/\/alisalfa.wroclaw.pl\/wp-content\/uploads\/cache\/2025\/08\/j-haller\/4264941808.jpg\" title=\"J. Haller\" width=\"250\" height=\"250\" class=\"skip-lazy fg-image\" decoding=\"async\" loading=\"lazy\"><\/span><span class=\"fg-image-overlay\"><\/span><\/a><figcaption class=\"fg-caption\"><div class=\"fg-caption-inner\"><div class=\"fg-caption-title\">J. Haller<\/div><div class=\"fg-caption-desc\">J. Haller &#8211; II Brygada Legion\u00f3w<\/div><\/div><\/figcaption><\/figure><div class=\"fg-loader\"><\/div><\/div><div class=\"fg-item fg-type-image fg-loading\"><figure class=\"fg-item-inner\"><a href=\"https:\/\/alisalfa.wroclaw.pl\/wp-content\/uploads\/2025\/05\/bitwa_3.jpg\" data-caption-title=\"Gwiazdka Wigilijna\" data-caption-desc=\"Szlak bojowy II Brygady Legion\u00f3w w Karpatach wschodnich\" data-attachment-id=\"63\" data-type=\"image\" class=\"fg-thumb\"><span class=\"fg-image-wrap\"><img src=\"https:\/\/alisalfa.wroclaw.pl\/wp-content\/uploads\/cache\/2025\/05\/bitwa_3\/2754211803.jpg\" title=\"Gwiazdka Wigilijna\" width=\"250\" height=\"250\" class=\"skip-lazy fg-image\" decoding=\"async\" loading=\"lazy\"><\/span><span class=\"fg-image-overlay\"><\/span><\/a><figcaption class=\"fg-caption\"><div class=\"fg-caption-inner\"><div class=\"fg-caption-title\">Gwiazdka Wigilijna<\/div><div class=\"fg-caption-desc\">Szlak bojowy II Brygady Legion\u00f3w w Karpatach wschodnich<\/div><\/div><\/figcaption><\/figure><div class=\"fg-loader\"><\/div><\/div><div class=\"fg-item fg-type-image fg-loading\"><figure class=\"fg-item-inner\"><a href=\"https:\/\/alisalfa.wroclaw.pl\/wp-content\/uploads\/2025\/05\/bitwa_2.jpg\" data-caption-title=\"Szar\u017ca pod Rokitn\u0105\" data-caption-desc=\"Szlak bojowy II Brygady Legion\u00f3w w Karpatach wschodnich\" data-attachment-id=\"61\" data-type=\"image\" class=\"fg-thumb\"><span class=\"fg-image-wrap\"><img src=\"https:\/\/alisalfa.wroclaw.pl\/wp-content\/uploads\/cache\/2025\/05\/bitwa_2\/1415406265.jpg\" title=\"Szar\u017ca pod Rokitn\u0105\" width=\"250\" height=\"250\" class=\"skip-lazy fg-image\" decoding=\"async\" loading=\"lazy\"><\/span><span class=\"fg-image-overlay\"><\/span><\/a><figcaption class=\"fg-caption\"><div class=\"fg-caption-inner\"><div class=\"fg-caption-title\">Szar\u017ca pod Rokitn\u0105<\/div><div class=\"fg-caption-desc\">Szlak bojowy II Brygady Legion\u00f3w w Karpatach wschodnich<\/div><\/div><\/figcaption><\/figure><div class=\"fg-loader\"><\/div><\/div><div class=\"fg-item fg-type-image fg-loading\"><figure class=\"fg-item-inner\"><a href=\"https:\/\/alisalfa.wroclaw.pl\/wp-content\/uploads\/2025\/05\/bitwa_1.jpg\" data-caption-title=\"Bitwa pod Rafaj\u0142ow\u0105\" data-caption-desc=\"Szlak bojowy II Brygady Legion\u00f3w w Karpatach wschodnich\" data-attachment-id=\"59\" data-type=\"image\" class=\"fg-thumb\"><span class=\"fg-image-wrap\"><img src=\"https:\/\/alisalfa.wroclaw.pl\/wp-content\/uploads\/cache\/2025\/05\/bitwa_1\/3347350093.jpg\" title=\"Bitwa pod Rafaj\u0142ow\u0105\" width=\"250\" height=\"250\" class=\"skip-lazy fg-image\" decoding=\"async\" loading=\"lazy\"><\/span><span class=\"fg-image-overlay\"><\/span><\/a><figcaption class=\"fg-caption\"><div class=\"fg-caption-inner\"><div class=\"fg-caption-title\">Bitwa pod Rafaj\u0142ow\u0105<\/div><div class=\"fg-caption-desc\">Szlak bojowy II Brygady Legion\u00f3w w Karpatach wschodnich<\/div><\/div><\/figcaption><\/figure><div class=\"fg-loader\"><\/div><\/div><div class=\"fg-item fg-type-image fg-loading\"><figure class=\"fg-item-inner\"><a href=\"https:\/\/alisalfa.wroclaw.pl\/wp-content\/uploads\/2025\/05\/IIbrygLeg.jpg\" data-caption-title=\"Po bitwie\" data-caption-desc=\"Szlak bojowy II Brygady Legion\u00f3w w Karpatach wschodnich\" data-attachment-id=\"65\" data-type=\"image\" class=\"fg-thumb\"><span class=\"fg-image-wrap\"><img src=\"https:\/\/alisalfa.wroclaw.pl\/wp-content\/uploads\/cache\/2025\/05\/IIbrygLeg\/1087097941.jpg\" title=\"Po bitwie\" width=\"250\" height=\"250\" class=\"skip-lazy fg-image\" decoding=\"async\" loading=\"lazy\"><\/span><span class=\"fg-image-overlay\"><\/span><\/a><figcaption class=\"fg-caption\"><div class=\"fg-caption-inner\"><div class=\"fg-caption-title\">Po bitwie<\/div><div class=\"fg-caption-desc\">Szlak bojowy II Brygady Legion\u00f3w w Karpatach wschodnich<\/div><\/div><\/figcaption><\/figure><div class=\"fg-loader\"><\/div><\/div><\/div>\n\n\n\n<br><br><br>\n\n\n\n<h2 class=\"wp-block-heading has-text-align-center has-vivid-purple-color has-text-color has-link-color wp-elements-bbb175e5d1b7942b10568fbe4cfc223e\">Szkice w\u0119glem<\/h2>\n\n\n\n<h2 class=\"wp-block-heading has-text-align-center has-vivid-purple-color has-text-color has-link-color wp-elements-4126e464ee41598c8fe915585cf7d6a6\">Epizody z \u017cycia II Brygady Legion\u00f3w<\/h2>\n\n\n\n<h2 class=\"wp-block-heading has-text-align-center has-vivid-purple-color has-text-color has-link-color wp-elements-39d2a820a12e16d529c0338af2650fb5\">kopie rysunk\u00f3w J.\u015awirysz-Ryszkiewicza<\/h2>\n\n\n<style type=\"text\/css\">\n#foogallery-gallery-310 .fg-image { width: 250px; }\n#foogallery-gallery-310 { --fg-gutter: 20px; }<\/style>\n\t\t\t<div class=\"foogallery foogallery-container foogallery-default foogallery-lightbox-foogallery fg-center fg-default fg-ready fg-light fg-border-thin fg-shadow-outline fg-loading-default fg-loaded-fade-in fg-caption-hover fg-hover-fade fg-hover-zoom\" id=\"foogallery-gallery-310\" data-foogallery=\"{&quot;item&quot;:{&quot;showCaptionTitle&quot;:true,&quot;showCaptionDescription&quot;:true},&quot;lazy&quot;:true,&quot;src&quot;:&quot;src&quot;,&quot;srcset&quot;:&quot;srcset&quot;}\" data-foogallery-lightbox=\"{&quot;thumbs&quot;:&quot;bottom&quot;,&quot;thumbsCaptions&quot;:false,&quot;thumbsBestFit&quot;:false,&quot;thumbsSmall&quot;:false,&quot;thumbsCaptionsAlign&quot;:&quot;default&quot;,&quot;info&quot;:&quot;bottom&quot;,&quot;infoVisible&quot;:true,&quot;infoOverlay&quot;:true,&quot;infoAlign&quot;:&quot;default&quot;,&quot;transition&quot;:&quot;fade&quot;,&quot;hoverButtons&quot;:false,&quot;fitMedia&quot;:false,&quot;noScrollbars&quot;:true,&quot;preserveButtonSpace&quot;:true,&quot;buttons&quot;:{&quot;fullscreen&quot;:true,&quot;info&quot;:true,&quot;thumbs&quot;:false},&quot;video&quot;:{&quot;autoPlay&quot;:true}}\" style=\"--fg-title-line-clamp: 0; --fg-description-line-clamp: 0;\">\n\t<div class=\"fg-item fg-type-image fg-loading\"><figure class=\"fg-item-inner\"><a href=\"https:\/\/alisalfa.wroclaw.pl\/wp-content\/uploads\/2025\/05\/Rysunek-1.jpg\" data-caption-title=\"II Brygada Legion\u00f3w\" data-caption-desc=\"Szkic 1 z \u017cycia II Brygady data-attachment-id =\"139\" data-type=\"image\" class=\"fg-thumb\"><span class=\"fg-image-wrap\"><img src=\"https:\/\/alisalfa.wroclaw.pl\/wp-content\/uploads\/cache\/2025\/05\/Rysunek-1\/3964425023.jpg\" title=\"II Brygada Legion\u00f3w\" width=\"250\" height=\"250\" class=\"skip-lazy fg-image\" decoding=\"async\" loading=\"lazy\"><\/span><span class=\"fg-image-overlay\"><\/span><\/a><figcaption class=\"fg-caption\"><div class=\"fg-caption-inner\"><div class=\"fg-caption-title\">II Brygada Legion\u00f3w<\/div><div class=\"fg-caption-desc\">Szkic 1 z \u017cycia II Brygady Legion\u00f3w<\/div><\/div><\/figcaption><\/figure><div class=\"fg-loader\"><\/div><\/div><div class=\"fg-item fg-type-image fg-loading\"><figure class=\"fg-item-inner\"><a href=\"https:\/\/alisalfa.wroclaw.pl\/wp-content\/uploads\/2025\/05\/Rysunek-2.jpg\" data-caption-title=\"II Brygada Legion\u00f3w\" data-caption-desc=\"Szkic 2 z \u017cycia II Brygady data-attachment-id =\"141\" data-type=\"image\" class=\"fg-thumb\"><span class=\"fg-image-wrap\"><img src=\"https:\/\/alisalfa.wroclaw.pl\/wp-content\/uploads\/cache\/2025\/05\/Rysunek-2\/4263484541.jpg\" title=\"II Brygada Legion\u00f3w\" width=\"250\" height=\"250\" class=\"skip-lazy fg-image\" decoding=\"async\" loading=\"lazy\"><\/span><span class=\"fg-image-overlay\"><\/span><\/a><figcaption class=\"fg-caption\"><div class=\"fg-caption-inner\"><div class=\"fg-caption-title\">II Brygada Legion\u00f3w<\/div><div class=\"fg-caption-desc\">Szkic 2 z \u017cycia II Brygady Legion\u00f3w<\/div><\/div><\/figcaption><\/figure><div class=\"fg-loader\"><\/div><\/div><div class=\"fg-item fg-type-image fg-loading\"><figure class=\"fg-item-inner\"><a href=\"https:\/\/alisalfa.wroclaw.pl\/wp-content\/uploads\/2025\/05\/Rysunek-3.jpg\" data-caption-title=\"II Brygada Legion\u00f3w\" data-caption-desc=\"Szkic 3 z \u017cycia II Brygady data-attachment-id =\"143\" data-type=\"image\" class=\"fg-thumb\"><span class=\"fg-image-wrap\"><img src=\"https:\/\/alisalfa.wroclaw.pl\/wp-content\/uploads\/cache\/2025\/05\/Rysunek-3\/431354129.jpg\" title=\"II Brygada Legion\u00f3w\" width=\"250\" height=\"250\" class=\"skip-lazy fg-image\" decoding=\"async\" loading=\"lazy\"><\/span><span class=\"fg-image-overlay\"><\/span><\/a><figcaption class=\"fg-caption\"><div class=\"fg-caption-inner\"><div class=\"fg-caption-title\">II Brygada Legion\u00f3w<\/div><div class=\"fg-caption-desc\">Szkic 3 z \u017cycia II Brygady Legion\u00f3w<\/div><\/div><\/figcaption><\/figure><div class=\"fg-loader\"><\/div><\/div><div class=\"fg-item fg-type-image fg-loading\"><figure class=\"fg-item-inner\"><a href=\"https:\/\/alisalfa.wroclaw.pl\/wp-content\/uploads\/2025\/05\/Rysunek-4.jpg\" data-caption-title=\"II Brygada Legion\u00f3w\" data-caption-desc=\"Szkic 4 z \u017cycia II Brygady data-attachment-id =\"145\" data-type=\"image\" class=\"fg-thumb\"><span class=\"fg-image-wrap\"><img src=\"https:\/\/alisalfa.wroclaw.pl\/wp-content\/uploads\/cache\/2025\/05\/Rysunek-4\/1852853790.jpg\" title=\"II Brygada Legion\u00f3w\" width=\"250\" height=\"250\" class=\"skip-lazy fg-image\" decoding=\"async\" loading=\"lazy\"><\/span><span class=\"fg-image-overlay\"><\/span><\/a><figcaption class=\"fg-caption\"><div class=\"fg-caption-inner\"><div class=\"fg-caption-title\">II Brygada Legion\u00f3w<\/div><div class=\"fg-caption-desc\">Szkic 4 z \u017cycia II Brygady Legion\u00f3w<\/div><\/div><\/figcaption><\/figure><div class=\"fg-loader\"><\/div><\/div><div class=\"fg-item fg-type-image fg-loading\"><figure class=\"fg-item-inner\"><a href=\"https:\/\/alisalfa.wroclaw.pl\/wp-content\/uploads\/2025\/05\/Rysunek-5.jpg\" data-caption-title=\"II Brygada Legion\u00f3w\" data-caption-desc=\"Szkic 5 z \u017cycia II Brygady data-attachment-id =\"147\" data-type=\"image\" class=\"fg-thumb\"><span class=\"fg-image-wrap\"><img src=\"https:\/\/alisalfa.wroclaw.pl\/wp-content\/uploads\/cache\/2025\/05\/Rysunek-5\/2312774514.jpg\" title=\"II Brygada Legion\u00f3w\" width=\"250\" height=\"250\" class=\"skip-lazy fg-image\" decoding=\"async\" loading=\"lazy\"><\/span><span class=\"fg-image-overlay\"><\/span><\/a><figcaption class=\"fg-caption\"><div class=\"fg-caption-inner\"><div class=\"fg-caption-title\">II Brygada Legion\u00f3w<\/div><div class=\"fg-caption-desc\">Szkic 5 z \u017cycia II Brygady Legion\u00f3w<\/div><\/div><\/figcaption><\/figure><div class=\"fg-loader\"><\/div><\/div><div class=\"fg-item fg-type-image fg-loading\"><figure class=\"fg-item-inner\"><a href=\"https:\/\/alisalfa.wroclaw.pl\/wp-content\/uploads\/2025\/05\/Rysunek-6.jpg\" data-caption-title=\"II Brygada Legion\u00f3w\" data-caption-desc=\"Szkic 6 z \u017cycia II Brygady data-attachment-id =\"149\" data-type=\"image\" class=\"fg-thumb\"><span class=\"fg-image-wrap\"><img src=\"https:\/\/alisalfa.wroclaw.pl\/wp-content\/uploads\/cache\/2025\/05\/Rysunek-6\/3595838799.jpg\" title=\"II Brygada Legion\u00f3w\" width=\"250\" height=\"250\" class=\"skip-lazy fg-image\" decoding=\"async\" loading=\"lazy\"><\/span><span class=\"fg-image-overlay\"><\/span><\/a><figcaption class=\"fg-caption\"><div class=\"fg-caption-inner\"><div class=\"fg-caption-title\">II Brygada Legion\u00f3w<\/div><div class=\"fg-caption-desc\">Szkic 6 z \u017cycia II Brygady Legion\u00f3w<\/div><\/div><\/figcaption><\/figure><div class=\"fg-loader\"><\/div><\/div><div class=\"fg-item fg-type-image fg-loading\"><figure class=\"fg-item-inner\"><a href=\"https:\/\/alisalfa.wroclaw.pl\/wp-content\/uploads\/2025\/05\/Rysunek-7.jpg\" data-caption-title=\"II Brygada Legion\u00f3w\" data-caption-desc=\"Szkic 7 z \u017cycia II Brygady data-attachment-id =\"151\" data-type=\"image\" class=\"fg-thumb\"><span class=\"fg-image-wrap\"><img src=\"https:\/\/alisalfa.wroclaw.pl\/wp-content\/uploads\/cache\/2025\/05\/Rysunek-7\/1921734807.jpg\" title=\"II Brygada Legion\u00f3w\" width=\"250\" height=\"250\" class=\"skip-lazy fg-image\" decoding=\"async\" loading=\"lazy\"><\/span><span class=\"fg-image-overlay\"><\/span><\/a><figcaption class=\"fg-caption\"><div class=\"fg-caption-inner\"><div class=\"fg-caption-title\">II Brygada Legion\u00f3w<\/div><div class=\"fg-caption-desc\">Szkic 7 z \u017cycia II Brygady Legion\u00f3w<\/div><\/div><\/figcaption><\/figure><div class=\"fg-loader\"><\/div><\/div><div class=\"fg-item fg-type-image fg-loading\"><figure class=\"fg-item-inner\"><a href=\"https:\/\/alisalfa.wroclaw.pl\/wp-content\/uploads\/2025\/05\/Rysunek-8.jpg\" data-caption-title=\"II Brygada Legion\u00f3w\" data-caption-desc=\"Szkic 8 z \u017cycia II Brygady data-attachment-id =\"153\" data-type=\"image\" class=\"fg-thumb\"><span class=\"fg-image-wrap\"><img src=\"https:\/\/alisalfa.wroclaw.pl\/wp-content\/uploads\/cache\/2025\/05\/Rysunek-8\/2158700489.jpg\" title=\"II Brygada Legion\u00f3w\" width=\"250\" height=\"250\" class=\"skip-lazy fg-image\" decoding=\"async\" loading=\"lazy\"><\/span><span class=\"fg-image-overlay\"><\/span><\/a><figcaption class=\"fg-caption\"><div class=\"fg-caption-inner\"><div class=\"fg-caption-title\">II Brygada Legion\u00f3w<\/div><div class=\"fg-caption-desc\">Szkic 8 z \u017cycia II Brygady Legion\u00f3w<\/div><\/div><\/figcaption><\/figure><div class=\"fg-loader\"><\/div><\/div><\/div>\n\n\n\n<br><br><br>\n\n\n\n<h2 class=\"wp-block-heading has-text-align-center has-vivid-purple-color has-text-color has-link-color wp-elements-f54c9e70dcb5e5aafbcd4f5a259d4dcb\">Kopia obrazu Matka Boska Powstania Warszawskiego<\/h2>\n\n\n<style type=\"text\/css\">\n#foogallery-gallery-917 .fg-image { width: 250px; }\n#foogallery-gallery-917 { --fg-gutter: 20px; }<\/style>\n\t\t\t<div class=\"foogallery foogallery-container foogallery-default foogallery-lightbox-foogallery fg-center fg-default fg-ready fg-light fg-border-thin fg-shadow-outline fg-loading-default fg-loaded-fade-in fg-caption-hover fg-hover-fade fg-hover-zoom\" id=\"foogallery-gallery-917\" data-foogallery=\"{&quot;item&quot;:{&quot;showCaptionTitle&quot;:true,&quot;showCaptionDescription&quot;:true},&quot;lazy&quot;:true,&quot;src&quot;:&quot;src&quot;,&quot;srcset&quot;:&quot;srcset&quot;}\" data-foogallery-lightbox=\"{&quot;thumbs&quot;:&quot;bottom&quot;,&quot;thumbsCaptions&quot;:false,&quot;thumbsBestFit&quot;:false,&quot;thumbsSmall&quot;:false,&quot;thumbsCaptionsAlign&quot;:&quot;default&quot;,&quot;info&quot;:&quot;bottom&quot;,&quot;infoVisible&quot;:true,&quot;infoOverlay&quot;:true,&quot;infoAlign&quot;:&quot;default&quot;,&quot;transition&quot;:&quot;fade&quot;,&quot;hoverButtons&quot;:false,&quot;fitMedia&quot;:false,&quot;noScrollbars&quot;:true,&quot;preserveButtonSpace&quot;:true,&quot;buttons&quot;:{&quot;fullscreen&quot;:true,&quot;info&quot;:true,&quot;thumbs&quot;:false},&quot;video&quot;:{&quot;autoPlay&quot;:true}}\" style=\"--fg-title-line-clamp: 0; --fg-description-line-clamp: 0;\">\n\t<div class=\"fg-item fg-type-image fg-loading\"><figure class=\"fg-item-inner\"><a href=\"https:\/\/alisalfa.wroclaw.pl\/wp-content\/uploads\/2025\/07\/matka-boska-powstaniec.jpg\" data-caption-title=\"Matka Boska powsta\u0144cza\" data-caption-desc=\"Powstaniec pod opiek\u0105 Matki Boskiej\" data-attachment-id=\"916\" data-type=\"image\" class=\"fg-thumb\"><span class=\"fg-image-wrap\"><img src=\"https:\/\/alisalfa.wroclaw.pl\/wp-content\/uploads\/cache\/2025\/07\/matka-boska-powstaniec\/1101174583.jpg\" title=\"Matka Boska powsta\u0144cza\" width=\"250\" height=\"250\" class=\"skip-lazy fg-image\" decoding=\"async\" loading=\"lazy\"><\/span><span class=\"fg-image-overlay\"><\/span><\/a><figcaption class=\"fg-caption\"><div class=\"fg-caption-inner\"><div class=\"fg-caption-title\">Matka Boska powsta\u0144cza<\/div><div class=\"fg-caption-desc\">Powstaniec pod opiek\u0105 Matki Boskiej<\/div><\/div><\/figcaption><\/figure><div class=\"fg-loader\"><\/div><\/div><\/div>\n\n\n\n<br><br><br>\n","protected":false},"excerpt":{"rendered":"<p>II Brygada Legion\u00f3w Impresja na podstawie obraz\u00f3w Wojciecha Kossaka. Szkice w\u0119glem Epizody z \u017cycia II Brygady Legion\u00f3w kopie rysunk\u00f3w J.\u015awirysz-Ryszkiewicza Kopia obrazu Matka Boska Powstania Warszawskiego<\/p>\n","protected":false},"author":1,"featured_media":71,"parent":0,"menu_order":0,"comment_status":"closed","ping_status":"closed","template":"page-templates\/page-builder.php","meta":{"footnotes":""},"class_list":["post-277","page","type-page","status-publish","has-post-thumbnail","hentry"],"_links":{"self":[{"href":"https:\/\/alisalfa.wroclaw.pl\/index.php?rest_route=\/wp\/v2\/pages\/277","targetHints":{"allow":["GET"]}}],"collection":[{"href":"https:\/\/alisalfa.wroclaw.pl\/index.php?rest_route=\/wp\/v2\/pages"}],"about":[{"href":"https:\/\/alisalfa.wroclaw.pl\/index.php?rest_route=\/wp\/v2\/types\/page"}],"author":[{"embeddable":true,"href":"https:\/\/alisalfa.wroclaw.pl\/index.php?rest_route=\/wp\/v2\/users\/1"}],"replies":[{"embeddable":true,"href":"https:\/\/alisalfa.wroclaw.pl\/index.php?rest_route=%2Fwp%2Fv2%2Fcomments&post=277"}],"version-history":[{"count":31,"href":"https:\/\/alisalfa.wroclaw.pl\/index.php?rest_route=\/wp\/v2\/pages\/277\/revisions"}],"predecessor-version":[{"id":947,"href":"https:\/\/alisalfa.wroclaw.pl\/index.php?rest_route=\/wp\/v2\/pages\/277\/revisions\/947"}],"wp:featuredmedia":[{"embeddable":true,"href":"https:\/\/alisalfa.wroclaw.pl\/index.php?rest_route=\/wp\/v2\/media\/71"}],"wp:attachment":[{"href":"https:\/\/alisalfa.wroclaw.pl\/index.php?rest_route=%2Fwp%2Fv2%2Fmedia&parent=277"}],"curies":[{"name":"wp","href":"https:\/\/api.w.org\/{rel}","templated":true}]}}